{"version":"1.0","provider_name":"Journal de B\u00e2le et Gen\u00e8ve","provider_url":"https:\/\/bale.ch\/journal","author_name":"Alban Lavy","author_url":"https:\/\/bale.ch\/journal\/author\/lavy\/","title":"Le 2e Salon du livre du Grand Gen\u00e8ve savoyard annonc\u00e9 pour le 18 novembre - Journal de B\u00e2le et Gen\u00e8ve","type":"rich","width":600,"height":338,"html":"<blockquote class=\"wp-embedded-content\" data-secret=\"PcR5RmEPLy\"><a href=\"https:\/\/bale.ch\/journal\/2e-salon-du-livre-du-grand-geneve-presilly\/\">Le 2e Salon du livre du Grand Gen\u00e8ve savoyard annonc\u00e9 pour le 18 novembre<\/a><\/blockquote><iframe sandbox=\"allow-scripts\" security=\"restricted\" src=\"https:\/\/bale.ch\/journal\/2e-salon-du-livre-du-grand-geneve-presilly\/embed\/#?secret=PcR5RmEPLy\" width=\"600\" height=\"338\" title=\"\u00ab\u00a0Le 2e Salon du livre du Grand Gen\u00e8ve savoyard annonc\u00e9 pour le 18 novembre\u00a0\u00bb &#8212; Journal de B\u00e2le et Gen\u00e8ve\" data-secret=\"PcR5RmEPLy\" frameborder=\"0\" marginwidth=\"0\" marginheight=\"0\" scrolling=\"no\" class=\"wp-embedded-content\"><\/iframe><script>\n\/*! This file is auto-generated *\/\n!function(d,l){\"use strict\";l.querySelector&&d.addEventListener&&\"undefined\"!=typeof URL&&(d.wp=d.wp||{},d.wp.receiveEmbedMessage||(d.wp.receiveEmbedMessage=function(e){var t=e.data;if((t||t.secret||t.message||t.value)&&!\/[^a-zA-Z0-9]\/.test(t.secret)){for(var s,r,n,a=l.querySelectorAll('iframe[data-secret=\"'+t.secret+'\"]'),o=l.querySelectorAll('blockquote[data-secret=\"'+t.secret+'\"]'),c=new RegExp(\"^https?:$\",\"i\"),i=0;i<o.length;i++)o[i].style.display=\"none\";for(i=0;i<a.length;i++)s=a[i],e.source===s.contentWindow&&(s.removeAttribute(\"style\"),\"height\"===t.message?(1e3<(r=parseInt(t.value,10))?r=1e3:~~r<200&&(r=200),s.height=r):\"link\"===t.message&&(r=new URL(s.getAttribute(\"src\")),n=new URL(t.value),c.test(n.protocol))&&n.host===r.host&&l.activeElement===s&&(d.top.location.href=t.value))}},d.addEventListener(\"message\",d.wp.receiveEmbedMessage,!1),l.addEventListener(\"DOMContentLoaded\",function(){for(var e,t,s=l.querySelectorAll(\"iframe.wp-embedded-content\"),r=0;r<s.length;r++)(t=(e=s[r]).getAttribute(\"data-secret\"))||(t=Math.random().toString(36).substring(2,12),e.src+=\"#?secret=\"+t,e.setAttribute(\"data-secret\",t)),e.contentWindow.postMessage({message:\"ready\",secret:t},\"*\")},!1)))}(window,document);\n\/\/# sourceURL=https:\/\/bale.ch\/journal\/wp-includes\/js\/wp-embed.min.js\n<\/script>\n","thumbnail_url":"https:\/\/bale.ch\/journal\/wp-content\/uploads\/2018\/10\/salon_livre_grand_geneve_detail.jpg","thumbnail_width":1041,"thumbnail_height":664,"description":"Le\u00a0 premier\u00a0Salon du livre du Grand Gen\u00e8ve, en 2016, r\u00e9unissait 50 exposants et attirait\u00a0pr\u00e8s de 1000 visiteurs.\u00a0La soci\u00e9t\u00e9 savante savoyarde La Sal\u00e9vienne\u00a0organise\u00a0la seconde \u00e9dition de cet \u00e9v\u00e8nement le 18 novembre Continuer la lecture"}