{"version":"1.0","provider_name":"Journal de B\u00e2le et Gen\u00e8ve","provider_url":"https:\/\/bale.ch\/journal","author_name":"Elodie Silva","author_url":"https:\/\/bale.ch\/journal\/author\/elodiesilva\/","title":"EasyJet immobilise sa flotte, l'a\u00e9roport de B\u00e2le est silencieux - Journal de B\u00e2le et Gen\u00e8ve","type":"rich","width":600,"height":338,"html":"<blockquote class=\"wp-embedded-content\" data-secret=\"sQd4xUaAsG\"><a href=\"https:\/\/bale.ch\/journal\/easyjet-immobilise-sa-flotte-laeroport-de-bale\/\">EasyJet immobilise sa flotte, l&rsquo;a\u00e9roport de B\u00e2le est silencieux<\/a><\/blockquote><iframe sandbox=\"allow-scripts\" security=\"restricted\" src=\"https:\/\/bale.ch\/journal\/easyjet-immobilise-sa-flotte-laeroport-de-bale\/embed\/#?secret=sQd4xUaAsG\" width=\"600\" height=\"338\" title=\"\u00ab\u00a0EasyJet immobilise sa flotte, l&rsquo;a\u00e9roport de B\u00e2le est silencieux\u00a0\u00bb &#8212; Journal de B\u00e2le et Gen\u00e8ve\" data-secret=\"sQd4xUaAsG\" frameborder=\"0\" marginwidth=\"0\" marginheight=\"0\" scrolling=\"no\" class=\"wp-embedded-content\"><\/iframe><script>\n\/*! This file is auto-generated *\/\n!function(d,l){\"use strict\";l.querySelector&&d.addEventListener&&\"undefined\"!=typeof URL&&(d.wp=d.wp||{},d.wp.receiveEmbedMessage||(d.wp.receiveEmbedMessage=function(e){var t=e.data;if((t||t.secret||t.message||t.value)&&!\/[^a-zA-Z0-9]\/.test(t.secret)){for(var s,r,n,a=l.querySelectorAll('iframe[data-secret=\"'+t.secret+'\"]'),o=l.querySelectorAll('blockquote[data-secret=\"'+t.secret+'\"]'),c=new RegExp(\"^https?:$\",\"i\"),i=0;i<o.length;i++)o[i].style.display=\"none\";for(i=0;i<a.length;i++)s=a[i],e.source===s.contentWindow&&(s.removeAttribute(\"style\"),\"height\"===t.message?(1e3<(r=parseInt(t.value,10))?r=1e3:~~r<200&&(r=200),s.height=r):\"link\"===t.message&&(r=new URL(s.getAttribute(\"src\")),n=new URL(t.value),c.test(n.protocol))&&n.host===r.host&&l.activeElement===s&&(d.top.location.href=t.value))}},d.addEventListener(\"message\",d.wp.receiveEmbedMessage,!1),l.addEventListener(\"DOMContentLoaded\",function(){for(var e,t,s=l.querySelectorAll(\"iframe.wp-embedded-content\"),r=0;r<s.length;r++)(t=(e=s[r]).getAttribute(\"data-secret\"))||(t=Math.random().toString(36).substring(2,12),e.src+=\"#?secret=\"+t,e.setAttribute(\"data-secret\",t)),e.contentWindow.postMessage({message:\"ready\",secret:t},\"*\")},!1)))}(window,document);\n\/\/# sourceURL=https:\/\/bale.ch\/journal\/wp-includes\/js\/wp-embed.min.js\n<\/script>\n","thumbnail_url":"https:\/\/bale.ch\/journal\/wp-content\/uploads\/2020\/03\/euro_airport_basel_flughafen_bale_aeroport_journal_de_bale.jpg","thumbnail_width":900,"thumbnail_height":484,"description":"Le bruit des avions autour de l&rsquo;EuroAirport a consid\u00e9rablement diminu\u00e9 ces derniers jours en raison de la crise du coronavirus. \u00c0 Allschwil, dans le canton de B\u00e2le-Campagne, on en croit Continuer la lecture"}