{"version":"1.0","provider_name":"Journal de B\u00e2le et Gen\u00e8ve","provider_url":"https:\/\/bale.ch\/journal","author_name":"La R\u00e9daction","author_url":"https:\/\/bale.ch\/journal\/author\/laredaction\/","title":"Transition \u00e9cologique: \"pas de traitement pr\u00e9f\u00e9rentiel pour le transport a\u00e9rien!\" - Journal de B\u00e2le et Gen\u00e8ve","type":"rich","width":600,"height":338,"html":"<blockquote class=\"wp-embedded-content\" data-secret=\"lHbjWANHCS\"><a href=\"https:\/\/bale.ch\/journal\/pas-de-traitement-preferentiel-pour-le-transport-aerien\/\">Transition \u00e9cologique: \u00ab\u00a0pas de traitement pr\u00e9f\u00e9rentiel pour le transport a\u00e9rien!\u00a0\u00bb<\/a><\/blockquote><iframe sandbox=\"allow-scripts\" security=\"restricted\" src=\"https:\/\/bale.ch\/journal\/pas-de-traitement-preferentiel-pour-le-transport-aerien\/embed\/#?secret=lHbjWANHCS\" width=\"600\" height=\"338\" title=\"\u00ab\u00a0Transition \u00e9cologique: \u00ab\u00a0pas de traitement pr\u00e9f\u00e9rentiel pour le transport a\u00e9rien!\u00a0\u00bb\u00a0\u00bb &#8212; Journal de B\u00e2le et Gen\u00e8ve\" data-secret=\"lHbjWANHCS\" frameborder=\"0\" marginwidth=\"0\" marginheight=\"0\" scrolling=\"no\" class=\"wp-embedded-content\"><\/iframe><script>\n\/*! This file is auto-generated *\/\n!function(d,l){\"use strict\";l.querySelector&&d.addEventListener&&\"undefined\"!=typeof URL&&(d.wp=d.wp||{},d.wp.receiveEmbedMessage||(d.wp.receiveEmbedMessage=function(e){var t=e.data;if((t||t.secret||t.message||t.value)&&!\/[^a-zA-Z0-9]\/.test(t.secret)){for(var s,r,n,a=l.querySelectorAll('iframe[data-secret=\"'+t.secret+'\"]'),o=l.querySelectorAll('blockquote[data-secret=\"'+t.secret+'\"]'),c=new RegExp(\"^https?:$\",\"i\"),i=0;i<o.length;i++)o[i].style.display=\"none\";for(i=0;i<a.length;i++)s=a[i],e.source===s.contentWindow&&(s.removeAttribute(\"style\"),\"height\"===t.message?(1e3<(r=parseInt(t.value,10))?r=1e3:~~r<200&&(r=200),s.height=r):\"link\"===t.message&&(r=new URL(s.getAttribute(\"src\")),n=new URL(t.value),c.test(n.protocol))&&n.host===r.host&&l.activeElement===s&&(d.top.location.href=t.value))}},d.addEventListener(\"message\",d.wp.receiveEmbedMessage,!1),l.addEventListener(\"DOMContentLoaded\",function(){for(var e,t,s=l.querySelectorAll(\"iframe.wp-embedded-content\"),r=0;r<s.length;r++)(t=(e=s[r]).getAttribute(\"data-secret\"))||(t=Math.random().toString(36).substring(2,12),e.src+=\"#?secret=\"+t,e.setAttribute(\"data-secret\",t)),e.contentWindow.postMessage({message:\"ready\",secret:t},\"*\")},!1)))}(window,document);\n\/\/# sourceURL=https:\/\/bale.ch\/journal\/wp-includes\/js\/wp-embed.min.js\n<\/script>\n","thumbnail_url":"https:\/\/bale.ch\/journal\/wp-content\/uploads\/2020\/04\/actif_trafic_aviation_suisse.jpg","thumbnail_width":900,"thumbnail_height":484,"description":"Quarante-six organisations et partis politiques ont envoy\u00e9 une lettre ouverte au Conseil f\u00e9d\u00e9ral dans laquelle ils lui demandent de ne pas privil\u00e9gier une nouvelle fois le transport a\u00e9rien par rapport Continuer la lecture"}